{"id":877,"date":"2016-03-15T18:46:40","date_gmt":"2016-03-15T17:46:40","guid":{"rendered":"http:\/\/artspopulaires.org\/?page_id=877"},"modified":"2016-11-15T21:41:17","modified_gmt":"2016-11-15T20:41:17","slug":"9e-rendez-vous-des-peintres","status":"publish","type":"page","link":"http:\/\/artspopulaires.org\/?page_id=877","title":{"rendered":"9e Rendez-vous des peintres"},"content":{"rendered":"<p style=\"text-align: justify;\"><a href=\"http:\/\/artspopulaires.org\/wp-content\/uploads\/2016\/03\/Logo-9e-RVP.1.png\"><img fetchpriority=\"high\" decoding=\"async\" class=\"alignright wp-image-887 size-large\" src=\"http:\/\/artspopulaires.org\/wp-content\/uploads\/2016\/03\/Logo-9e-RVP.1-1024x356.png\" alt=\"Logo 9e RVP.1\" width=\"900\" height=\"313\" srcset=\"http:\/\/artspopulaires.org\/wp-content\/uploads\/2016\/03\/Logo-9e-RVP.1-1024x356.png 1024w, http:\/\/artspopulaires.org\/wp-content\/uploads\/2016\/03\/Logo-9e-RVP.1-300x104.png 300w, http:\/\/artspopulaires.org\/wp-content\/uploads\/2016\/03\/Logo-9e-RVP.1-250x87.png 250w, http:\/\/artspopulaires.org\/wp-content\/uploads\/2016\/03\/Logo-9e-RVP.1-150x52.png 150w, http:\/\/artspopulaires.org\/wp-content\/uploads\/2016\/03\/Logo-9e-RVP.1.png 1150w\" sizes=\"(max-width: 900px) 100vw, 900px\" \/><\/a><\/p>\n<p style=\"text-align: justify;\"><a href=\"http:\/\/artspopulaires.org\/wp-content\/uploads\/2016\/03\/Panneau-Rendez-vous-2016.jpg\"><img decoding=\"async\" class=\"alignright wp-image-922 size-medium\" src=\"http:\/\/artspopulaires.org\/wp-content\/uploads\/2016\/03\/Panneau-Rendez-vous-2016-150x300.jpg\" alt=\"Imprimer\" width=\"150\" height=\"300\" srcset=\"http:\/\/artspopulaires.org\/wp-content\/uploads\/2016\/03\/Panneau-Rendez-vous-2016-150x300.jpg 150w, http:\/\/artspopulaires.org\/wp-content\/uploads\/2016\/03\/Panneau-Rendez-vous-2016-512x1024.jpg 512w, http:\/\/artspopulaires.org\/wp-content\/uploads\/2016\/03\/Panneau-Rendez-vous-2016-75x150.jpg 75w, http:\/\/artspopulaires.org\/wp-content\/uploads\/2016\/03\/Panneau-Rendez-vous-2016.jpg 1920w\" sizes=\"(max-width: 150px) 100vw, 150px\" \/><\/a>Pour une 9e \u00e9dition cette ann\u00e9e, le Centre des arts populaires de Nicolet pr\u00e9sentera le Rendez-vous des peintres. En 2015, c&rsquo;\u00e9taient 36 artistes nicol\u00e9tains et des environs qui avaient expos\u00e9 leurs cr\u00e9ations dans la Grande salle du centre. L&rsquo;exp\u00e9rience sera renouvel\u00e9e les 18-19-20 novembre 2016 :<\/p>\n<ul>\n<li style=\"text-align: justify;\">Vendredi 18 novembre, ouverture des portes \u00e0 19h00 pour le vernissage.<\/li>\n<li style=\"text-align: justify;\">Samedi 19 novembre de 11h00 \u00e0 17h00<\/li>\n<li style=\"text-align: justify;\">Dimanche 20 novembre de 11h00 \u00e0 16h00<\/li>\n<\/ul>\n<p style=\"text-align: justify;\">Cette 9<sup>e<\/sup> \u00e9dition pr\u00e9sentera une exposition en hommage \u00e0 l&rsquo;artiste Rodolphe Duguay. Peintre-graveur reconnu dans le milieu artistique comme un des ma\u00eetres de la gravure au Canada durant la premi\u00e8re moiti\u00e9 du XXe si\u00e8cle, le talent de peintre paysagiste de monsieur Duguay a obtenu des \u00e9loges et de vibrants t\u00e9moignages.<\/p>\n<p style=\"text-align: justify;\">La pr\u00e9sidence d\u2019honneur sera, quant \u00e0 elle, assum\u00e9e par Monsieur Louis Caron, \u00e9crivain de Nicolet.<\/p>\n<p style=\"text-align: justify;\">Cette ann\u00e9e, les peintres pr\u00e9sents seront les suivants :<\/p>\n<p style=\"text-align: justify;\">[ezcol_1half]<\/p>\n<p>Brassard, Jean (Qu\u00e9bec)<br \/>\nCantin, Monique (Qu\u00e9bec)<br \/>\nChampagne, Lise (Nicolet)<br \/>\nComtois, Marthe (Nicolet)<br \/>\nDesharnais, Michel (Shawinigan)<br \/>\nDietrich, Lorraine (Shawinigan)<br \/>\nDoresca, Clifford (Qu\u00e9bec)<br \/>\nDub\u00e9, Alain (Qu\u00e9bec)<br \/>\nDubuc, Danielle (Nicolet)<br \/>\nDubuc, Nicole\u00a0 (Nicolet)<br \/>\nGigu\u00e8re Corriveau, Mariette (Trois-Rivi\u00e8res)<br \/>\nH\u00e9bert, Jeanne d&rsquo;Arc (B\u00e9cancour)<br \/>\nH\u00e9bert, Paul (St-Norbert d&rsquo;Arthabaska)<br \/>\nHubert, Denise (Nicolet)<br \/>\nJacques Lamothe (Nicolet)<br \/>\nLacoursi\u00e8re, Lise (St-Boniface)<br \/>\nLafontaine, Andr\u00e9 (Nicolet)<br \/>\nLaplante, Nadia (Saint-Marcel-de-Richelieu)<\/p>\n<p>[\/ezcol_1half] [ezcol_1half_end]<\/p>\n<p>Leblanc, Myriam (Qu\u00e9bec)<br \/>\nLemay, Lisa-Marie (Trois-Rivi\u00e8res)<br \/>\nLevreault, Nicole (Granby)<br \/>\nLongpr\u00e9, Guy (Nicolet)<br \/>\nLortie, Val\u00e9rie (Ste-Eulalie)<br \/>\nMarchand, Manon (St-Hyacinthe)<br \/>\nMarcotte, Ren\u00e9 (Nicolet)<br \/>\nOuellon,\u00a0 Rolande (Trois-Rivi\u00e8res)<br \/>\nProulx, Nicole (Nicolet)<br \/>\nRen\u00e9 de Cotret, Anne (Nicolet)<br \/>\nRicher, Jeanne-Mance (Victoriaville)<br \/>\nRousseau-Roy, R\u00e9gent (Nicolet)<br \/>\nSanfa\u00e7on, Jacques (Nicolet)<br \/>\nSenneville, Angie (Nicolet)<br \/>\nSimard, Pierrette (B\u00e9cancour)<br \/>\nSt-Hilaire, Judith (St-Magloire)<br \/>\nTr\u00e9panier, Michelle J. (Trois-Rivi\u00e8res)<br \/>\nVerreault, Michel (Qu\u00e9bec)<\/p>\n<p style=\"text-align: justify;\">\u00a0[\/ezcol_1half_end]<\/p>\n<h5 style=\"text-align: justify;\">Document suppl\u00e9mentaires \u00e0 l&rsquo;attention des peintres<\/h5>\n<ul>\n<li><a href=\"http:\/\/artspopulaires.org\/wp-content\/uploads\/2016\/03\/Informations-et-r\u00e8glements-2016.pdf\">R\u00e8glements g\u00e9n\u00e9raux<\/a><\/li>\n<li><a href=\"http:\/\/artspopulaires.org\/wp-content\/uploads\/2016\/03\/S\u00e9lection-des-artistes-exposants-2016.pdf\">S\u00e9lection des artistes<\/a><\/li>\n<li><a href=\"http:\/\/artspopulaires.org\/wp-content\/uploads\/2016\/03\/Fiche-dinscription-2016.pdf\">Fiche d&rsquo;inscription<\/a><\/li>\n<\/ul>\n","protected":false},"excerpt":{"rendered":"<p>Pour une 9e \u00e9dition cette ann\u00e9e, le Centre des arts populaires de Nicolet pr\u00e9sentera le Rendez-vous des peintres. En 2015, c&rsquo;\u00e9taient 36 artistes nicol\u00e9tains et des environs qui avaient expos\u00e9 leurs cr\u00e9ations dans la Grande salle du centre. L&rsquo;exp\u00e9rience sera renouvel\u00e9e les 18-19-20 novembre 2016 : Vendredi 18 novembre, ouverture des portes \u00e0 19h00 pour [&hellip;]<\/p>\n","protected":false},"author":1,"featured_media":0,"parent":0,"menu_order":0,"comment_status":"closed","ping_status":"open","template":"","meta":{"footnotes":""},"_links":{"self":[{"href":"http:\/\/artspopulaires.org\/index.php?rest_route=\/wp\/v2\/pages\/877"}],"collection":[{"href":"http:\/\/artspopulaires.org\/index.php?rest_route=\/wp\/v2\/pages"}],"about":[{"href":"http:\/\/artspopulaires.org\/index.php?rest_route=\/wp\/v2\/types\/page"}],"author":[{"embeddable":true,"href":"http:\/\/artspopulaires.org\/index.php?rest_route=\/wp\/v2\/users\/1"}],"replies":[{"embeddable":true,"href":"http:\/\/artspopulaires.org\/index.php?rest_route=%2Fwp%2Fv2%2Fcomments&post=877"}],"version-history":[{"count":18,"href":"http:\/\/artspopulaires.org\/index.php?rest_route=\/wp\/v2\/pages\/877\/revisions"}],"predecessor-version":[{"id":976,"href":"http:\/\/artspopulaires.org\/index.php?rest_route=\/wp\/v2\/pages\/877\/revisions\/976"}],"wp:attachment":[{"href":"http:\/\/artspopulaires.org\/index.php?rest_route=%2Fwp%2Fv2%2Fmedia&parent=877"}],"curies":[{"name":"wp","href":"https:\/\/api.w.org\/{rel}","templated":true}]}}